{"id":154,"date":"2024-09-04T19:16:59","date_gmt":"2024-09-04T22:16:59","guid":{"rendered":"https:\/\/pessoal.uel.br\/gepefopem\/?page_id=154"},"modified":"2024-09-04T21:44:33","modified_gmt":"2024-09-05T00:44:33","slug":"pecem","status":"publish","type":"page","link":"https:\/\/pessoal.uel.br\/gepefopem\/pecem\/","title":{"rendered":""},"content":{"rendered":"\n<p><\/p>\n\n\n<div class=\"wp-block-image\">\n<figure class=\"aligncenter size-large is-resized\"><img loading=\"lazy\" decoding=\"async\" width=\"1024\" height=\"737\" src=\"https:\/\/pessoal.uel.br\/gepefopem\/wp-content\/uploads\/2024\/09\/PECEM-logo-fundo-transparente-1024x737.png\" alt=\"Programa de P\u00f3s-gradua\u00e7\u00e3o em Ensino de Ci\u00eancias e Educa\u00e7\u00e3o Matem\u00e1tica\" class=\"wp-image-225\" style=\"width:540px\" srcset=\"https:\/\/pessoal.uel.br\/gepefopem\/wp-content\/uploads\/2024\/09\/PECEM-logo-fundo-transparente-1024x737.png 1024w, https:\/\/pessoal.uel.br\/gepefopem\/wp-content\/uploads\/2024\/09\/PECEM-logo-fundo-transparente-300x216.png 300w, https:\/\/pessoal.uel.br\/gepefopem\/wp-content\/uploads\/2024\/09\/PECEM-logo-fundo-transparente-768x553.png 768w, https:\/\/pessoal.uel.br\/gepefopem\/wp-content\/uploads\/2024\/09\/PECEM-logo-fundo-transparente-1536x1106.png 1536w, https:\/\/pessoal.uel.br\/gepefopem\/wp-content\/uploads\/2024\/09\/PECEM-logo-fundo-transparente-2048x1475.png 2048w\" sizes=\"auto, (max-width: 1024px) 100vw, 1024px\" \/><\/figure>\n<\/div>\n\n\n<p><\/p>\n\n\n\n<h2 class=\"wp-block-heading\">Apresenta\u00e7\u00e3o e objetivos <\/h2>\n\n\n\n<p>O <strong>Programa de P\u00f3s-Gradua\u00e7\u00e3o em Ensino de Ci\u00eancias e Educa\u00e7\u00e3o Matem\u00e1tica \u2013 PECEM<\/strong>, da Universidade Estadual de Londrina \u2013 UEL, foi aprovado em 2001 pela CAPES, em n\u00edvel de Mestrado Acad\u00eamico para atender a uma demanda de forma\u00e7\u00e3o de professores\/pesquisadores (<em>Stricto-Sensu<\/em>) na \u00e1rea de Ensino de Ci\u00eancias e Educa\u00e7\u00e3o Matem\u00e1tica para atuarem nos diferentes n\u00edveis de ensino. A equipe que constituiu a proposta inicial era constitu\u00edda por docentes de diferentes departamentos UEL (F\u00edsica, Matem\u00e1tica, Biologia, Hist\u00f3ria e Filosofia) que j\u00e1 atuavam com forma\u00e7\u00e3o de professores\/pesquisadores por meio da p\u00f3s-gradua\u00e7\u00e3o&nbsp;<em>Lato-Sensu<\/em>, e de diferentes programas de forma\u00e7\u00e3o continuada que nuclearam esse programa, nomeadamente Rede de Dissemina\u00e7\u00e3o Cient\u00edfica do Norte do Paran\u00e1 \u2013 RENOP, Pr\u00f3-matem\u00e1tica (conv\u00eanio Brasil-Fran\u00e7a), dentre outros, que permitiram a produ\u00e7\u00e3o conjunta e a infraestrutura necess\u00e1ria para o desenvolvimento de suas investiga\u00e7\u00f5es.<\/p>\n\n\n\n<p>A modalidade Mestrado Acad\u00eamico constituiu na \u00e9poca uma iniciativa inovadora no estado do Paran\u00e1\u0301 e se fortaleceu como um polo gerador de conhecimento e passou, no decorrer dos anos, a exercer forte influ\u00eancia na forma\u00e7\u00e3o de profissionais do Paran\u00e1\u0301, dos outros estados do sul do Brasil, do noroeste do estado de S\u00e3o Paulo e do sul do Mato Grosso do Sul. Desse modo, a partir do impacto do curso de mestrado na \u00e1rea de Ensino de Ci\u00eancias e Educa\u00e7\u00e3o Matem\u00e1tica, em 2007 foi proposto e aprovado o curso de doutorado como uma consequ\u00eancia necess\u00e1ria para a consolida\u00e7\u00e3o das investiga\u00e7\u00f5es nessas \u00e1reas e para constitui\u00e7\u00e3o de novas pr\u00e1ticas e m\u00e9todos visando a produ\u00e7\u00e3o de conhecimentos e a forma\u00e7\u00e3o de professores\/pesquisadores.<\/p>\n\n\n\n<p>Nos \u00faltimos anos o PECEM tem contribu\u00eddo para a constru\u00e7\u00e3o de conhecimentos e para forma\u00e7\u00e3o de docentes universit\u00e1rios e da Educa\u00e7\u00e3o B\u00e1sica; de pesquisadores brasileiros e de outros pa\u00edses, muitos deles com forte atua\u00e7\u00e3o na nuclea\u00e7\u00e3o e na coordena\u00e7\u00e3o de outros programas de p\u00f3s-gradua\u00e7\u00e3o, e na produ\u00e7\u00e3o de conhecimento na \u00e1rea. Na avalia\u00e7\u00e3o quadrienal da CAPES (2017-2020), o programa manteve a&nbsp;<strong>Nota 7 (sete) \u2013 que \u00e9 a nota m\u00e1xima.<\/strong><\/p>\n\n\n\n<p class=\"has-text-align-center\">Mais informa\u00e7\u00f5es: <a href=\"https:\/\/pos.uel.br\/pecem\/\" data-type=\"link\" data-id=\"https:\/\/pos.uel.br\/pecem\/\">SITE DO PECEM<\/a><\/p>\n\n\n\n<p><\/p>\n","protected":false},"excerpt":{"rendered":"<p>Apresenta\u00e7\u00e3o e objetivos O Programa de P\u00f3s-Gradua\u00e7\u00e3o em Ensino de Ci\u00eancias e Educa\u00e7\u00e3o Matem\u00e1tica \u2013 PECEM, da Universidade Estadual de Londrina \u2013 UEL, foi aprovado em 2001 pela CAPES, em n\u00edvel de Mestrado Acad\u00eamico para atender a uma demanda de forma\u00e7\u00e3o de professores\/pesquisadores (Stricto-Sensu) na \u00e1rea de Ensino de Ci\u00eancias e Educa\u00e7\u00e3o Matem\u00e1tica para atuarem [&hellip;]<\/p>\n","protected":false},"author":10,"featured_media":0,"parent":0,"menu_order":0,"comment_status":"closed","ping_status":"closed","template":"","meta":{"_acf_changed":false,"footnotes":""},"class_list":["post-154","page","type-page","status-publish","hentry"],"acf":[],"_links":{"self":[{"href":"https:\/\/pessoal.uel.br\/gepefopem\/wp-json\/wp\/v2\/pages\/154","targetHints":{"allow":["GET"]}}],"collection":[{"href":"https:\/\/pessoal.uel.br\/gepefopem\/wp-json\/wp\/v2\/pages"}],"about":[{"href":"https:\/\/pessoal.uel.br\/gepefopem\/wp-json\/wp\/v2\/types\/page"}],"author":[{"embeddable":true,"href":"https:\/\/pessoal.uel.br\/gepefopem\/wp-json\/wp\/v2\/users\/10"}],"replies":[{"embeddable":true,"href":"https:\/\/pessoal.uel.br\/gepefopem\/wp-json\/wp\/v2\/comments?post=154"}],"version-history":[{"count":8,"href":"https:\/\/pessoal.uel.br\/gepefopem\/wp-json\/wp\/v2\/pages\/154\/revisions"}],"predecessor-version":[{"id":230,"href":"https:\/\/pessoal.uel.br\/gepefopem\/wp-json\/wp\/v2\/pages\/154\/revisions\/230"}],"wp:attachment":[{"href":"https:\/\/pessoal.uel.br\/gepefopem\/wp-json\/wp\/v2\/media?parent=154"}],"curies":[{"name":"wp","href":"https:\/\/api.w.org\/{rel}","templated":true}]}}